{"id":3300,"date":"2020-12-09T11:30:10","date_gmt":"2020-12-09T10:30:10","guid":{"rendered":"https:\/\/www.ciel-strasbourg.org\/?page_id=3300"},"modified":"2021-01-14T17:35:08","modified_gmt":"2021-01-14T16:35:08","slug":"seitenverzeichnis","status":"publish","type":"page","link":"https:\/\/www.ciel-strasbourg.org\/de\/seitenverzeichnis\/","title":{"rendered":"Seitenverzeichnis"},"content":{"rendered":"<p><span style=\"color: #32373c; font-family: -apple-system, BlinkMacSystemFont, 'Segoe UI', Roboto, Oxygen-Sans, Ubuntu, Cantarell, 'Helvetica Neue', sans-serif; font-size: 13px; background-color: #f7fcfe;\"><div class=\"wsp-container\"><h2 class=\"wsp-pages-title\">Pages<\/h2>\n<ul class=\"wsp-pages-list\">\n<li class=\"page_item page-item-3319\"><a href=\"https:\/\/www.ciel-strasbourg.org\/de\/\">Eine franz\u00f6sische FLE-Qualit\u00e4tslabels Schule<\/a><\/li>\n<li class=\"page_item page-item-3303\"><a href=\"https:\/\/www.ciel-strasbourg.org\/de\/inschrift\/\">Inschrift<\/a><\/li>\n<li class=\"page_item page-item-3353\"><a href=\"https:\/\/www.ciel-strasbourg.org\/de\/zahlung\/\">Zahlung<\/a><\/li>\n<li class=\"page_item page-item-3034 page_item_has_children\"><a href=\"https:\/\/www.ciel-strasbourg.org\/de\/das-ciel-de-strasbourg\/\">Das CIEL de Strasbourg<\/a>\n<ul class='children'>\n\t<li class=\"page_item page-item-16113\"><a href=\"https:\/\/www.ciel-strasbourg.org\/de\/das-ciel-de-strasbourg\/katalog\/\">Katalog<\/a><\/li>\n\t<li class=\"page_item page-item-3040\"><a href=\"https:\/\/www.ciel-strasbourg.org\/de\/das-ciel-de-strasbourg\/geschichtliches\/\">Geschichtliches<\/a><\/li>\n\t<li class=\"page_item page-item-3043\"><a href=\"https:\/\/www.ciel-strasbourg.org\/de\/das-ciel-de-strasbourg\/im-herzen-europas-gelegen\/\">Im Herzen Europas gelegen<\/a><\/li>\n\t<li class=\"page_item page-item-3048\"><a href=\"https:\/\/www.ciel-strasbourg.org\/de\/das-ciel-de-strasbourg\/das-ciel-team-und-die-paedagogik-seiner-lehrkraefte\/\">Das CIEL-Team und die P\u00e4dagogik seiner Lehrkr\u00e4fte<\/a><\/li>\n\t<li class=\"page_item page-item-3055\"><a href=\"https:\/\/www.ciel-strasbourg.org\/de\/das-ciel-de-strasbourg\/fotogalerie\/\">Fotogalerie<\/a><\/li>\n\t<li class=\"page_item page-item-3149\"><a href=\"https:\/\/www.ciel-strasbourg.org\/de\/das-ciel-de-strasbourg\/ausruestungen\/\">Ausr\u00fcstungen<\/a><\/li>\n\t<li class=\"page_item page-item-3155\"><a href=\"https:\/\/www.ciel-strasbourg.org\/de\/das-ciel-de-strasbourg\/cafeteria\/\">Cafeteria<\/a><\/li>\n\t<li class=\"page_item page-item-3158\"><a href=\"https:\/\/www.ciel-strasbourg.org\/de\/das-ciel-de-strasbourg\/kontakt\/\">Kontakt<\/a><\/li>\n\t<li class=\"page_item page-item-3161\"><a href=\"https:\/\/www.ciel-strasbourg.org\/de\/das-ciel-de-strasbourg\/kunden-und-partner\/\">Kunden und Partner<\/a><\/li>\n\t<li class=\"page_item page-item-3165\"><a href=\"https:\/\/www.ciel-strasbourg.org\/de\/das-ciel-de-strasbourg\/haeufig-gestellte-fragen\/\">H\u00e4ufig gestellte Fragen<\/a><\/li>\n\t<li class=\"page_item page-item-3169\"><a href=\"https:\/\/www.ciel-strasbourg.org\/de\/das-ciel-de-strasbourg\/anmeldemodalitaeten-und-praktische-auskuenfte\/\">Anmeldemodalit\u00e4ten und praktische Ausk\u00fcnfte<\/a><\/li>\n<\/ul>\n<\/li>\n<li class=\"page_item page-item-3189\"><a href=\"https:\/\/www.ciel-strasbourg.org\/de\/diplom-studiengaenge-des-cci-campus\/\">Diplom-Studieng\u00e4nge des CCI Campus<\/a><\/li>\n<li class=\"page_item page-item-3186 page_item_has_children\"><a href=\"https:\/\/www.ciel-strasbourg.org\/de\/unterkunft\/\">Unterkunft<\/a>\n<ul class='children'>\n\t<li class=\"page_item page-item-3193\"><a href=\"https:\/\/www.ciel-strasbourg.org\/de\/unterkunft\/bei-einer-gastfamilie\/\">Bei einer Gastfamilie<\/a><\/li>\n\t<li class=\"page_item page-item-3197\"><a href=\"https:\/\/www.ciel-strasbourg.org\/de\/unterkunft\/privates-wohnheim\/\">Privates Wohnheim<\/a><\/li>\n\t<li class=\"page_item page-item-3222\"><a href=\"https:\/\/www.ciel-strasbourg.org\/de\/unterkunft\/kleine-moeblierte-appartements\/\">Kleine m\u00f6blierte Appartements<\/a><\/li>\n\t<li class=\"page_item page-item-3226\"><a href=\"https:\/\/www.ciel-strasbourg.org\/de\/unterkunft\/studentenwohnheim\/\">Studentenwohnheim<\/a><\/li>\n\t<li class=\"page_item page-item-3230\"><a href=\"https:\/\/www.ciel-strasbourg.org\/de\/unterkunft\/aparthotel-citadines\/\">Aparthotel &#8220;CITADINES&#8221;<\/a><\/li>\n\t<li class=\"page_item page-item-3234\"><a href=\"https:\/\/www.ciel-strasbourg.org\/de\/unterkunft\/hotels\/\">Hotels<\/a><\/li>\n\t<li class=\"page_item page-item-3240\"><a href=\"https:\/\/www.ciel-strasbourg.org\/de\/unterkunft\/buchungsverfahren\/\">Buchungsverfahren<\/a><\/li>\n\t<li class=\"page_item page-item-3243\"><a href=\"https:\/\/www.ciel-strasbourg.org\/de\/unterkunft\/werden-sie-gastfamilie\/\">Werden Sie Gastfamilie<\/a><\/li>\n<\/ul>\n<\/li>\n<li class=\"page_item page-item-4634 page_item_has_children\"><a href=\"https:\/\/www.ciel-strasbourg.org\/de\/preise-und-termine\/\">Preise und termine<\/a>\n<ul class='children'>\n\t<li class=\"page_item page-item-3340\"><a href=\"https:\/\/www.ciel-strasbourg.org\/de\/preise-und-termine\/cgv\/\">CGV<\/a><\/li>\n\t<li class=\"page_item page-item-3191\"><a href=\"https:\/\/www.ciel-strasbourg.org\/de\/preise-und-termine\/einstufungstest\/\">Einstufungstest<\/a><\/li>\n<\/ul>\n<\/li>\n<li class=\"page_item page-item-3248 page_item_has_children\"><a href=\"https:\/\/www.ciel-strasbourg.org\/de\/strassburg-und-das-elsass\/\">Strassburg und das Elsass<\/a>\n<ul class='children'>\n\t<li class=\"page_item page-item-3253\"><a href=\"https:\/\/www.ciel-strasbourg.org\/de\/strassburg-und-das-elsass\/kulturelle-angebote\/\">Kulturelle Angebote<\/a><\/li>\n\t<li class=\"page_item page-item-3256 page_item_has_children\"><a href=\"https:\/\/www.ciel-strasbourg.org\/de\/strassburg-und-das-elsass\/strasbourg\/\">Strasbourg<\/a>\n\t<ul class='children'>\n\t\t<li class=\"page_item page-item-3261\"><a href=\"https:\/\/www.ciel-strasbourg.org\/de\/strassburg-und-das-elsass\/strasbourg\/freizeit-in-strassburg\/\">Freizeit in Stra\u00dfburg<\/a><\/li>\n\t\t<li class=\"page_item page-item-3258\"><a href=\"https:\/\/www.ciel-strasbourg.org\/de\/strassburg-und-das-elsass\/strasbourg\/strassburg-hauptstadt-europas\/\">Stra\u00dfburg, Hauptstadt Europas<\/a><\/li>\n\t<\/ul>\n<\/li>\n\t<li class=\"page_item page-item-3250 page_item_has_children\"><a href=\"https:\/\/www.ciel-strasbourg.org\/de\/strassburg-und-das-elsass\/das-elsass\/\">Das Elsass<\/a>\n\t<ul class='children'>\n\t\t<li class=\"page_item page-item-3264\"><a href=\"https:\/\/www.ciel-strasbourg.org\/de\/strassburg-und-das-elsass\/das-elsass\/ausfluege\/\">Ausfl\u00fcge<\/a><\/li>\n\t\t<li class=\"page_item page-item-3269\"><a href=\"https:\/\/www.ciel-strasbourg.org\/de\/strassburg-und-das-elsass\/das-elsass\/kulturelles-erbe-und-lebensfreude\/\">Kulturelles Erbe und Lebensfreude<\/a><\/li>\n\t<\/ul>\n<\/li>\n\t<li class=\"page_item page-item-3272\"><a href=\"https:\/\/www.ciel-strasbourg.org\/de\/strassburg-und-das-elsass\/fotogalerien\/\">Fotogalerien<\/a><\/li>\n<\/ul>\n<\/li>\n<li class=\"page_item page-item-3296\"><a href=\"https:\/\/www.ciel-strasbourg.org\/de\/kontakt\/\">Kontakt<\/a><\/li>\n<li class=\"page_item page-item-4481\"><a href=\"https:\/\/www.ciel-strasbourg.org\/de\/angebot-anfordern\/\">Angebot anfordern<\/a><\/li>\n<li class=\"page_item page-item-3339\"><a href=\"https:\/\/www.ciel-strasbourg.org\/de\/inscription-tests-examens\/\">Beschriftung Tests &#038; Pr\u00fcfungen<\/a><\/li>\n<li class=\"page_item page-item-3349\"><a href=\"https:\/\/www.ciel-strasbourg.org\/de\/buchung\/\">Buchung<\/a><\/li>\n<li class=\"page_item page-item-3654\"><a href=\"https:\/\/www.ciel-strasbourg.org\/de\/impressum\/\">Impressum<\/a><\/li>\n<\/ul>\n<h2 class=\"wsp-temoignages-title\">Testimonials<\/h2>\n<ul class=\"wsp-temoignages-list\">\n<li><a href=\"https:\/\/www.ciel-strasbourg.org\/de\/aussage\/meifang-h\/\">Meifang H<\/a><\/li>\n<li><a href=\"https:\/\/www.ciel-strasbourg.org\/de\/aussage\/massimiliano-p\/\">Massimiliano P<\/a><\/li>\n<li><a href=\"https:\/\/www.ciel-strasbourg.org\/de\/aussage\/katharina-l\/\">Katharina L<\/a><\/li>\n<li><a href=\"https:\/\/www.ciel-strasbourg.org\/de\/aussage\/jimin-song\/\">Jimin SONG<\/a><\/li>\n<li><a href=\"https:\/\/www.ciel-strasbourg.org\/de\/aussage\/sidi-traore\/\">Sidi TRAORE<\/a><\/li>\n<li><a href=\"https:\/\/www.ciel-strasbourg.org\/de\/aussage\/zein-alhaj-abdo\/\">Zein ALHAJ ABDO<\/a><\/li>\n<\/ul>\n<h2 class=\"wsp-formationss-title\">Formations<\/h2>\n<ul class=\"wsp-formationss-list\">\n<li><a href=\"https:\/\/www.ciel-strasbourg.org\/de\/bildungen\/diplome-universitaire-preparation-aux-etudes-en-france\/\">Universit\u00e4tsdiplom \u2013 Vorbereitung auf das Studium in Frankreich<\/a><\/li>\n<li><a href=\"https:\/\/www.ciel-strasbourg.org\/de\/bildungen\/bildungsurlaub-gruppenunterricht\/\">Bildungsurlaub Gruppenunterricht<\/a><\/li>\n<li><a href=\"https:\/\/www.ciel-strasbourg.org\/de\/bildungen\/franzoesisch-allgemein-konversations-workshops-fernkurs\/\">Franz\u00f6sisch Allgemein \u2013 Konversations-Workshops \u2013 Fernkurs<\/a><\/li>\n<li><a href=\"https:\/\/www.ciel-strasbourg.org\/de\/bildungen\/franzoesisch-allgemein-einzelkurse-fernkurs\/\">Franz\u00f6sisch Allgemein - Einzelkurse \u2013 Fernkurs<\/a><\/li>\n<li><a href=\"https:\/\/www.ciel-strasbourg.org\/de\/bildungen\/franzoesisch-allgemein-extensive-gruppenfernkurse-fernkurs\/\">Franz\u00f6sisch Allgemein \u2013 Extensive Gruppenfernkurse \u2013 Fernkurs<\/a><\/li>\n<li><a href=\"https:\/\/www.ciel-strasbourg.org\/de\/bildungen\/franzoesisch-allgemein-intensiv-gruppenunterricht-fernkurs\/\">Franz\u00f6sisch Allgemein \u2013 Intensiv-Gruppenunterricht \u2013 Fernkurs<\/a><\/li>\n<li><a href=\"https:\/\/www.ciel-strasbourg.org\/de\/bildungen\/nach-kundenbedarf-organisierte-kurse\/\">Nach Kundenbedarf Organisierte Kurse<\/a><\/li>\n<li><a href=\"https:\/\/www.ciel-strasbourg.org\/de\/bildungen\/online-programm-zur-auffrischung-von-rechtschreibkenntnissen\/\">Online-Programm Zur Auffrischung Von Rechtschreibkenntnissen<\/a><\/li>\n<li><a href=\"https:\/\/www.ciel-strasbourg.org\/de\/bildungen\/sprachaufenthalt-franzoesisch-als-fremdsprache-unternehmen-in-frankreich\/\">Sprachaufenthalt franz\u00f6sisch als fremdsprache \u201eunternehmen in frankreich\u201c<\/a><\/li>\n<li><a href=\"https:\/\/www.ciel-strasbourg.org\/de\/bildungen\/zur-vorbereitung-fuer-ein-hochschulstudium-in-frankreich\/\">Zur Vorbereitung F\u00fcr Ein Hochschulstudium In Frankreich<\/a><\/li>\n<li><a href=\"https:\/\/www.ciel-strasbourg.org\/de\/bildungen\/franzoesisch-allgemein-abendkurs\/\">Franz\u00f6sisch allgemein - Abendkurs<\/a><\/li>\n<li><a href=\"https:\/\/www.ciel-strasbourg.org\/de\/bildungen\/methodik-lehrgang-fuer-lehrer-des-franzoesischen-als-fremdsprache\/\">Methodik-Lehrgang  F\u00fcr Lehrer Des Franz\u00f6sischen Als Fremdsprache<\/a><\/li>\n<li><a href=\"https:\/\/www.ciel-strasbourg.org\/de\/bildungen\/franzoesische-schriftsprache-verbesserung-redaktioneller-faehigkeiten\/\">Franz\u00f6sische Schriftsprache \u2013 Verbesserung Redaktioneller F\u00e4higkeiten<\/a><\/li>\n<li><a href=\"https:\/\/www.ciel-strasbourg.org\/de\/bildungen\/franzoesische-schriftsprache-pflege-der-rechtschreibung\/\">Franz\u00f6sische Schriftsprache \u2013 Pflege Der Rechtschreibung<\/a><\/li>\n<li><a href=\"https:\/\/www.ciel-strasbourg.org\/de\/bildungen\/franzoesisch-allgemein-einzelunterricht\/\">Franz\u00f6sisch allgemein - Einzelunterricht<\/a><\/li>\n<li><a href=\"https:\/\/www.ciel-strasbourg.org\/de\/bildungen\/general-french-languages-summer-course\/\">Franz\u00f6sisch - Superintensiv (Juli\/August)<\/a><\/li>\n<li><a href=\"https:\/\/www.ciel-strasbourg.org\/de\/bildungen\/franzoesisch-allgemein-tageskurs\/\">Franz\u00f6sisch allgemein - Tageskurs<\/a><\/li>\n<\/ul>\n<h2 class=\"wsp-tests_examenss-title\">Tests und Pr\u00fcfungen<\/h2>\n<ul class=\"wsp-tests_examenss-list\">\n<li><a href=\"https:\/\/www.ciel-strasbourg.org\/de\/tests\/business-professional-french-certificate-for-business\/\">GESCH\u00c4FTSFRANZ\u00d6SICH- Franz\u00f6siches Berufsdiplom Gesch\u00e4ftsfranz\u00f6sich<\/a><\/li>\n<li><a href=\"https:\/\/www.ciel-strasbourg.org\/de\/tests\/tcf-anf-test-de-connaissance-du-francais-acces-a-la-nationalite-francaise\/\">TCF INTEGRATION, RESIDENCE et NATIONALITE<\/a><\/li>\n<li><a href=\"https:\/\/www.ciel-strasbourg.org\/de\/tests\/tcf-canada-test-der-franzoesischkenntnisse-fuer-ein-verfahren-zur-einwanderung-nach-kanada\/\">TCF Canada - Test der Franz\u00f6sischkenntnisse f\u00fcr ein Verfahren zur Einwanderung nach Kanada<\/a><\/li>\n<li><a href=\"https:\/\/www.ciel-strasbourg.org\/de\/tests\/tcf-test-der-franzoesischkenntnisse-beliebiges-publikum\/\">TCF Test der Franz\u00f6sischkenntnisse - Beliebiges Publikum<\/a><\/li>\n<li><a href=\"https:\/\/www.ciel-strasbourg.org\/de\/tests\/voltaire-zertifizierung\/\">Voltaire-Zertifizierung<\/a><\/li>\n<li><a href=\"https:\/\/www.ciel-strasbourg.org\/de\/tests\/cloe-zertifizierung\/\">CLOE-Zertifizierung - Dem CPF (Individuellem Fortbildungskonto In  Frankreich) Zurechenbar<\/a><\/li>\n<\/ul>\n<h2 class=\"wsp-additional_products-title\">Zusatzprodukte<\/h2>\n<ul class=\"wsp-additional_products-list\">\n<li><a href=\"https:\/\/www.ciel-strasbourg.org\/de\/produit-complementaire\/tcf-complet\/\">Vollstaendige Pruefung \"TCF\"<\/a><\/li>\n<li><a href=\"https:\/\/www.ciel-strasbourg.org\/de\/produit-complementaire\/epreuves-facultatives-tcf-tp-expression-ecrite\/\">Fakultative Pr\u00fcfungen TCF TP- schriftlicher Ausdruck<\/a><\/li>\n<li><a href=\"https:\/\/www.ciel-strasbourg.org\/de\/produit-complementaire\/epreuves-facultatives-tcf-tp-expression-orale\/\">Fakultative Pr\u00fcfungen TCF TP- m\u00fcndlicher Ausdruck<\/a><\/li>\n<li><a href=\"https:\/\/www.ciel-strasbourg.org\/de\/produit-complementaire\/einzelunterricht\/\">Einzelunterricht<\/a><\/li>\n<li><a href=\"https:\/\/www.ciel-strasbourg.org\/de\/produit-complementaire\/ergaenzende-aktivitaeten-am-nachmittag\/\">Erg\u00e4nzende Aktivit\u00e4ten am Nachmittag<\/a><\/li>\n<li><a href=\"https:\/\/www.ciel-strasbourg.org\/de\/produit-complementaire\/online-vorbereitung-auf-die-pruefungen\/\">Online-vorbereitung auf die Pr\u00fcfungen<\/a><\/li>\n<\/ul>\n<h2 class=\"wsp-formation_types-title\">Types de formations<\/h2>\n<ul class=\"wsp-formation_types-list\">\n<li><a href=\"https:\/\/www.ciel-strasbourg.org\/de\/bildungstyp\/preparer-ses-etudes-superieures-en-france\/\">Pr\u00e9parer ses \u00e9tudes sup\u00e9rieures en France<\/a><\/li>\n<\/ul>\n<\/div><\/span><\/p>\n","protected":false},"excerpt":{"rendered":"","protected":false},"author":7,"featured_media":0,"parent":0,"menu_order":99,"comment_status":"closed","ping_status":"closed","template":"","meta":{"_acf_changed":false,"footnotes":""},"class_list":["post-3300","page","type-page","status-publish","hentry","wp-sticky"],"acf":[],"yoast_head":"<!-- This site is optimized with the Yoast SEO plugin v27.5 - https:\/\/yoast.com\/product\/yoast-seo-wordpress\/ -->\n<title>Seitenverzeichnis<\/title>\n<meta name=\"robots\" content=\"index, follow, max-snippet:-1, max-image-preview:large, max-video-preview:-1\" \/>\n<link rel=\"canonical\" href=\"https:\/\/www.ciel-strasbourg.org\/de\/seitenverzeichnis\/\" \/>\n<meta property=\"og:locale\" content=\"de_DE\" \/>\n<meta property=\"og:type\" content=\"article\" \/>\n<meta property=\"og:title\" content=\"Seitenverzeichnis\" \/>\n<meta property=\"og:url\" content=\"https:\/\/www.ciel-strasbourg.org\/de\/seitenverzeichnis\/\" \/>\n<meta property=\"og:site_name\" content=\"CIEL\" \/>\n<meta property=\"article:modified_time\" content=\"2021-01-14T16:35:08+00:00\" \/>\n<meta property=\"og:image\" content=\"https:\/\/www.ciel-strasbourg.org\/wp-inside\/uploads\/2020\/10\/batiment_strasbourg_yvestrotzier_11.jpg\" \/>\n\t<meta property=\"og:image:width\" content=\"1772\" \/>\n\t<meta property=\"og:image:height\" content=\"1772\" \/>\n\t<meta property=\"og:image:type\" content=\"image\/jpeg\" \/>\n<meta name=\"twitter:card\" content=\"summary_large_image\" \/>\n<script type=\"application\/ld+json\" class=\"yoast-schema-graph\">{\"@context\":\"https:\\\/\\\/schema.org\",\"@graph\":[{\"@type\":\"WebPage\",\"@id\":\"https:\\\/\\\/www.ciel-strasbourg.org\\\/de\\\/seitenverzeichnis\\\/\",\"url\":\"https:\\\/\\\/www.ciel-strasbourg.org\\\/de\\\/seitenverzeichnis\\\/\",\"name\":\"Seitenverzeichnis\",\"isPartOf\":{\"@id\":\"https:\\\/\\\/www.ciel-strasbourg.org\\\/de\\\/#website\"},\"datePublished\":\"2020-12-09T10:30:10+00:00\",\"dateModified\":\"2021-01-14T16:35:08+00:00\",\"breadcrumb\":{\"@id\":\"https:\\\/\\\/www.ciel-strasbourg.org\\\/de\\\/seitenverzeichnis\\\/#breadcrumb\"},\"inLanguage\":\"de-DE\",\"potentialAction\":[{\"@type\":\"ReadAction\",\"target\":[\"https:\\\/\\\/www.ciel-strasbourg.org\\\/de\\\/seitenverzeichnis\\\/\"]}]},{\"@type\":\"BreadcrumbList\",\"@id\":\"https:\\\/\\\/www.ciel-strasbourg.org\\\/de\\\/seitenverzeichnis\\\/#breadcrumb\",\"itemListElement\":[{\"@type\":\"ListItem\",\"position\":1,\"name\":\"Startseite\",\"item\":\"https:\\\/\\\/www.ciel-strasbourg.org\\\/de\\\/\"},{\"@type\":\"ListItem\",\"position\":2,\"name\":\"Seitenverzeichnis\"}]},{\"@type\":\"WebSite\",\"@id\":\"https:\\\/\\\/www.ciel-strasbourg.org\\\/de\\\/#website\",\"url\":\"https:\\\/\\\/www.ciel-strasbourg.org\\\/de\\\/\",\"name\":\"CIEL\",\"description\":\"Lernen Sie Franz\u00f6sisch beim CIEL de Strasbourg!\",\"publisher\":{\"@id\":\"https:\\\/\\\/www.ciel-strasbourg.org\\\/de\\\/#organization\"},\"potentialAction\":[{\"@type\":\"SearchAction\",\"target\":{\"@type\":\"EntryPoint\",\"urlTemplate\":\"https:\\\/\\\/www.ciel-strasbourg.org\\\/de\\\/?s={search_term_string}\"},\"query-input\":{\"@type\":\"PropertyValueSpecification\",\"valueRequired\":true,\"valueName\":\"search_term_string\"}}],\"inLanguage\":\"de-DE\"},{\"@type\":\"Organization\",\"@id\":\"https:\\\/\\\/www.ciel-strasbourg.org\\\/de\\\/#organization\",\"name\":\"CIEL Strasbourg\",\"url\":\"https:\\\/\\\/www.ciel-strasbourg.org\\\/de\\\/\",\"logo\":{\"@type\":\"ImageObject\",\"inLanguage\":\"de-DE\",\"@id\":\"https:\\\/\\\/www.ciel-strasbourg.org\\\/de\\\/#\\\/schema\\\/logo\\\/image\\\/\",\"url\":\"https:\\\/\\\/www.ciel-strasbourg.org\\\/wp-inside\\\/uploads\\\/2020\\\/12\\\/logo-ciel.png\",\"contentUrl\":\"https:\\\/\\\/www.ciel-strasbourg.org\\\/wp-inside\\\/uploads\\\/2020\\\/12\\\/logo-ciel.png\",\"width\":265,\"height\":90,\"caption\":\"CIEL Strasbourg\"},\"image\":{\"@id\":\"https:\\\/\\\/www.ciel-strasbourg.org\\\/de\\\/#\\\/schema\\\/logo\\\/image\\\/\"}}]}<\/script>\n<!-- \/ Yoast SEO plugin. -->","yoast_head_json":{"title":"Seitenverzeichnis","robots":{"index":"index","follow":"follow","max-snippet":"max-snippet:-1","max-image-preview":"max-image-preview:large","max-video-preview":"max-video-preview:-1"},"canonical":"https:\/\/www.ciel-strasbourg.org\/de\/seitenverzeichnis\/","og_locale":"de_DE","og_type":"article","og_title":"Seitenverzeichnis","og_url":"https:\/\/www.ciel-strasbourg.org\/de\/seitenverzeichnis\/","og_site_name":"CIEL","article_modified_time":"2021-01-14T16:35:08+00:00","og_image":[{"width":1772,"height":1772,"url":"https:\/\/www.ciel-strasbourg.org\/wp-inside\/uploads\/2020\/10\/batiment_strasbourg_yvestrotzier_11.jpg","type":"image\/jpeg"}],"twitter_card":"summary_large_image","schema":{"@context":"https:\/\/schema.org","@graph":[{"@type":"WebPage","@id":"https:\/\/www.ciel-strasbourg.org\/de\/seitenverzeichnis\/","url":"https:\/\/www.ciel-strasbourg.org\/de\/seitenverzeichnis\/","name":"Seitenverzeichnis","isPartOf":{"@id":"https:\/\/www.ciel-strasbourg.org\/de\/#website"},"datePublished":"2020-12-09T10:30:10+00:00","dateModified":"2021-01-14T16:35:08+00:00","breadcrumb":{"@id":"https:\/\/www.ciel-strasbourg.org\/de\/seitenverzeichnis\/#breadcrumb"},"inLanguage":"de-DE","potentialAction":[{"@type":"ReadAction","target":["https:\/\/www.ciel-strasbourg.org\/de\/seitenverzeichnis\/"]}]},{"@type":"BreadcrumbList","@id":"https:\/\/www.ciel-strasbourg.org\/de\/seitenverzeichnis\/#breadcrumb","itemListElement":[{"@type":"ListItem","position":1,"name":"Startseite","item":"https:\/\/www.ciel-strasbourg.org\/de\/"},{"@type":"ListItem","position":2,"name":"Seitenverzeichnis"}]},{"@type":"WebSite","@id":"https:\/\/www.ciel-strasbourg.org\/de\/#website","url":"https:\/\/www.ciel-strasbourg.org\/de\/","name":"CIEL","description":"Lernen Sie Franz\u00f6sisch beim CIEL de Strasbourg!","publisher":{"@id":"https:\/\/www.ciel-strasbourg.org\/de\/#organization"},"potentialAction":[{"@type":"SearchAction","target":{"@type":"EntryPoint","urlTemplate":"https:\/\/www.ciel-strasbourg.org\/de\/?s={search_term_string}"},"query-input":{"@type":"PropertyValueSpecification","valueRequired":true,"valueName":"search_term_string"}}],"inLanguage":"de-DE"},{"@type":"Organization","@id":"https:\/\/www.ciel-strasbourg.org\/de\/#organization","name":"CIEL Strasbourg","url":"https:\/\/www.ciel-strasbourg.org\/de\/","logo":{"@type":"ImageObject","inLanguage":"de-DE","@id":"https:\/\/www.ciel-strasbourg.org\/de\/#\/schema\/logo\/image\/","url":"https:\/\/www.ciel-strasbourg.org\/wp-inside\/uploads\/2020\/12\/logo-ciel.png","contentUrl":"https:\/\/www.ciel-strasbourg.org\/wp-inside\/uploads\/2020\/12\/logo-ciel.png","width":265,"height":90,"caption":"CIEL Strasbourg"},"image":{"@id":"https:\/\/www.ciel-strasbourg.org\/de\/#\/schema\/logo\/image\/"}}]}},"_links":{"self":[{"href":"https:\/\/www.ciel-strasbourg.org\/de\/wp-json\/wp\/v2\/pages\/3300","targetHints":{"allow":["GET"]}}],"collection":[{"href":"https:\/\/www.ciel-strasbourg.org\/de\/wp-json\/wp\/v2\/pages"}],"about":[{"href":"https:\/\/www.ciel-strasbourg.org\/de\/wp-json\/wp\/v2\/types\/page"}],"author":[{"embeddable":true,"href":"https:\/\/www.ciel-strasbourg.org\/de\/wp-json\/wp\/v2\/users\/7"}],"replies":[{"embeddable":true,"href":"https:\/\/www.ciel-strasbourg.org\/de\/wp-json\/wp\/v2\/comments?post=3300"}],"version-history":[{"count":1,"href":"https:\/\/www.ciel-strasbourg.org\/de\/wp-json\/wp\/v2\/pages\/3300\/revisions"}],"predecessor-version":[{"id":3301,"href":"https:\/\/www.ciel-strasbourg.org\/de\/wp-json\/wp\/v2\/pages\/3300\/revisions\/3301"}],"wp:attachment":[{"href":"https:\/\/www.ciel-strasbourg.org\/de\/wp-json\/wp\/v2\/media?parent=3300"}],"curies":[{"name":"wp","href":"https:\/\/api.w.org\/{rel}","templated":true}]}}