{"id":3654,"date":"2020-12-10T12:48:59","date_gmt":"2020-12-10T11:48:59","guid":{"rendered":"https:\/\/www.ciel-strasbourg.org\/legale-notices\/"},"modified":"2023-02-21T11:22:26","modified_gmt":"2023-02-21T10:22:26","slug":"impressum","status":"publish","type":"page","link":"https:\/\/www.ciel-strasbourg.org\/de\/impressum\/","title":{"rendered":"Impressum"},"content":{"rendered":"<h2>Zu dieser Website<\/h2>\n<p>Sie sind derzeit mit der Website www.ciel-strasbourg.org verbunden. Die Gesamtheit der auf der Website www.ciel-strasbourg.org aufgef\u00fchrten Daten und Informationen werden der \u00d6ffentlichkeit von CIEL Strasbourg zur Verf\u00fcgung gestellt. Indem Sie die Website www.ciel-strasbourg.org aufrufen, stimmen Sie den im Nachfolgenden aufgef\u00fchrten Nutzungsbedingungen zu.<\/p>\n<h2>Anbieter<\/h2>\n<p>CIEL Strasbourg<br \/>\nFirmensitz: CCI Campus, 234 Avenue de Colmar \u2013 F-67100 Strasbourg (France)<br \/>\nTel: +33 (0)3 88 43 08 31<\/p>\n<p>Publikationsleitung: Val\u00e9rie Sommerlat<\/p>\n<p>Datenschutzbeauftrager: <a href=\"mailto:dpo@grandest.cci.fro\">dpo@grandest.cci.fr<\/a> oder DPD 10 rue Claude Gel\u00e9e BP 41071 88051 Epinal Cedex 9<\/p>\n<h2>H\u00e9bergement<\/h2>\n<p>SDV Plurim\u00e9dia<br \/>\nFirmensitz: 15 rue de la Nu\u00e9e Bleue \u2013 67000 Strasbourg (France)<br \/>\nGmbH mit einem Kapital von 110 000 Euro<br \/>\nHandelsregister Strasbourg B 340 571 728<br \/>\nSIRET: 340 571 728 00013<br \/>\nAPE-Kennziffer: 6203 Z<br \/>\nUmsatzsteuer-Identifikationsnummer FR34 340571728<br \/>\nTel: +33 (0)3 88 75 80 50<br \/>\n<a href=\"https:\/\/www.sdv.fr\/\"><strong>www.sdv.fr<\/strong><\/a><\/p>\n<h2>Konzeption<\/h2>\n<p>Premi\u00e8re Place<br \/>\nSAS mit einem Kapital von 4,860.00 Euro<br \/>\nHauptsitz: 30 rue Fran\u00e7ois Spoerry \u2013 68100 Mulhouse \u2013 Frankreich<br \/>\nTelefon: +33 (0) 3 89 60 71 61<br \/>\ncontact@premiere.place<br \/>\nRCS Mulhouse 489 995 985<br \/>\nUmsatzsteuer-Identifikationsnummer: FR 12 489 995 985<br \/>\n<a href=\"https:\/\/www.premiere.place\/\"><strong>www.premiere.place<\/strong><\/a><\/p>\n<h2>Datenschutz<\/h2>\n<p>CIEL Strasbourg misst dem Recht der Internetnutzer auf Privatsph\u00e4re einen besonders gro\u00dfen Stellenwert bei und verpflichtet sich, ihre pers\u00f6nlichen Daten gem\u00e4\u00df des geltenden franz\u00f6sischen und europ\u00e4ischen Rechts zu sch\u00fctzen. Internetnutzer k\u00f6nnen die Website www.ciel-strasbourg.org aufrufen, ohne dass von ihnen personenbezogene Daten angefordert werden. Jedes auf der Website vorhandene Formular grenzt die Erhebung personenbezogener Daten auf das strikt Notwendige ein und gibt systematisch Folgendes an:<\/p>\n<ul>\n<li>Zweck der Erhebung der personenbezogenen Daten<\/li>\n<li>verpflichtende oder optionale Angabe<\/li>\n<li>den oder die Empf\u00e4nger der erhobenen Daten<\/li>\n<li>die Aufbewahrungsdauer der erhobenen Daten<\/li>\n<li>Ihre IT-Rechte und -Freiheiten und die M\u00f6glichkeit, diese zu nutzen<\/li>\n<\/ul>\n<p>Auf jedem auf der Internetseite www.ciel-strasbourg.org vorhandenen Formular erlaubt Ihnen ein oder mehrere Ankreuzk\u00e4stchen, Ihre ausdr\u00fcckliche Zustimmung zur Erhebung und Verwendung der erbetenen personenbezogenen Daten zu erteilen. Dies erm\u00f6glicht CIEL Strasbourg, sicherzustellen, dass die ihm \u00fcbermittelten personenbezogenen Daten wirklich zu dem oder den ausdr\u00fccklich auf dem Formular angegebenen und vom Internetnutzer akzeptierten Zweck(en) verwendet werden k\u00f6nnen. Jedes angekreuzte K\u00e4stchen entspricht einem spezifischen Verarbeitungszweck der personenbezogenen Daten und dient als rechtlicher Beleg der Zustimmung durch den Internetnutzer. Dementsprechend d\u00fcrfen die personenbezogenen Daten ohne ausdr\u00fcckliche Erw\u00e4hnung dieser M\u00f6glichkeit auf dem Formular nicht an Dritte \u00fcbermittelt oder ihnen \u00fcberlassen werden. Gem\u00e4\u00df der Datenschutz-Grundverordnung vom 27. April 2016 und des Datenschutzgesetzes \u201eLoi Informatique et Libert\u00e9s\u201c \u00a0vom 6. Januar 1978 und \u00c4nderungen verf\u00fcgen Sie aus wichtigem Grund \u00fcber ein Recht auf Zugang, Korrektur und Widerruf bez\u00fcglich der Sie betreffenden Daten. Um von diesem Recht Gebrauch zu machen, k\u00f6nnen Sie CIEL Strasbourg \u00fcber das <strong>Kontaktformular<\/strong> auf der Website oder postalisch an folgende Adresse kontaktieren: CIEL Strasbourg CCI Campus, 234 Avenue de Colmar F-67100 Strasbourg (France)<\/p>\n<p>Die auf der Website www.ciel-strasbourg.org erhobenen Daten werden entsprechend der Sicherheitsprotokolle verarbeitet, die das Abfang- oder Wiederherstellungsrisiko durch Dritte deutlich einschr\u00e4nken. Seien Sie dennoch vorsichtig, verbreiten Sie keine unn\u00f6tigen personenbezogenen oder sensible Daten, w\u00e4hrend Sie unsere Formulare verwenden. Wenn Sie uns derartige Angaben zukommen lassen m\u00f6chten, ziehen Sie den Postweg vor. Jede Reklamation bez\u00fcglich der Verwendung Ihrer personenbezogenen Daten ist beim CNIL, <a href=\"https:\/\/www.cnil.fr\/\">www.cnil.fr<\/a> ou 3 place de Fontenoy TSA 80715 75334 Paris cedex 07 France einzureichen.<\/p>\n<h2>Cookies<\/h2>\n<p>Die Website www.ciel-strasbourg.org verwendet Cookies. Es handelt sich dabei um kleine auf Ihren Computer heruntergeladene Dateien, die es der Internetseite erlauben, fl\u00fcssig und sicher zu funktionieren (Sitzungs- und Sicherheitscookies), und die Daten dar\u00fcber speichern, wie unsere Besucher unsere Website aufrufen (Tracking-Cookies). Dies erlaubt es uns beispielsweise zu wissen, welche Seiten von unseren Besuchern am meisten aufgerufen werden und wie viel Zeit diese auf unserer Website verbringen. In den Einstellungen Ihres Browsers haben Sie die M\u00f6glichkeit, Cookies zu deaktivieren oder benachrichtigt zu werden, bevor Cookies auf Ihren Computer heruntergeladen werden. Die Deaktivierung aller Cookies k\u00f6nnte Sie jedoch daran hindern, s\u00e4mtliche Funktionen dieser Website korrekt zu nutzen. Wir lassen Ihnen daher die M\u00f6glichkeit, nur Tracking-Cookies zu deaktivieren, was Ihre Navigation nicht behindert (siehe \u201eCookies-Einstellungen verwalten\u201c unten).<\/p>\n<h3>Google Analytics<\/h3>\n<p>Diese Website verwendet den Webanalysedienst Google Analytics. Dies erlaubt es uns zu analysieren, wie die Internetnutzer unsere Website verwenden, um ihnen eine bessere Navigationserfahrung anzubieten. Dazu verwendet Google Analytics Trackings-Cookies, mit denen der Pfad eines Nutzers auf der Website verfolgt werden kann. Diese Cookies werden f\u00fcr die Dauer von 13 Monaten aufbewahrt. Wir haben f\u00fcr diese Website eine Anonymisierung der IP-Adressen aktiviert. Dies bedeutet, dass die von Google Analytics erhobenen IP-Adressen systematisch abgek\u00fcrzt werden, um die Identifizierung der Internetnutzer unm\u00f6glich zu machen. In gewissen Sonderf\u00e4llen kann die vollst\u00e4ndige IP-Adresse an einen in den USA stationierten Google-Server \u00fcbermittelt werden und wird anschlie\u00dfend von diesem sofort abgek\u00fcrzt. Google verwendet die im Auftrag f\u00fcr CIEL Strasbourg durch die Cookies erhobenen Angaben mit em Ziel, die Navigationsgewohnheiten der Internetnutzer zu analysieren und Berichte \u00fcber die Websiteaktivit\u00e4t zu liefern. Google stellt den Nutzern ein Plug-In f\u00fcr den Browser zur Verf\u00fcgung, das es ihnen erlaubt, die Erhebung von Daten zu ihrer Navigation auf Websites, die Google Analytics verwenden, zu verhindern. Dieses Plug-In ist unter folgender Adresse abrufbar:<\/p>\n<h3>Google Remarketing<\/h3>\n<p>Diese Website kann dazu veranlasst werden, den Dienst Google Remarketing zu verwenden, der es erlaubt, Internetnutzern je nach aufgerufenen Internetseiten im Anzeigennetzwerk von Google gezielte Werbeanzeigen anzubieten. Dies erlaubt es uns insbesondere, Ihre Navigationsdaten auf dieser Website zu verwenden, um Ihnen gezielte Anzeigen anzubieten, wenn Sie andere Webseiten des Google-Netzwerks besuchen. Sie haben die M\u00f6glichkeit, diese Funktion \u00fcber folgenden Link zu deaktivieren: <a href=\"http:\/\/www.google.com\/settings\/ads\"><strong>www.google.com\/settings\/ads<\/strong><\/a> Wenn Sie ein Google-Konto besitzen und darin eingeloggt sind, w\u00e4hrend Sie unsere Website besuchen, und Google gestattet haben, Ihren Navigationsverlauf mit Ihrem Google-Konto zu verbinden und diesen Verlauf zu verwenden, um Anzeigen zu personalisieren, verbindet Google die dank Google Analytics erhobenen Navigationsdaten mit Ihrem Google-Konto. Wenn Sie Ihr Google-Nutzerkonto auf mehreren Ger\u00e4ten verwenden, k\u00f6nnen unsere Anzeigen auf diesen anderen Ger\u00e4ten angezeigt werden. Obwohl Google auf dieser Website Daten erhebt, die mit der Nutzung von Google-Konten verbunden sind, kann CIEL Strasbourg in keinem Fall die Identit\u00e4t der Nutzer von Google-Konten, die die Webseite aufrufen, ableiten. F\u00fcr weitere Informationen bez\u00fcglich der Art und Weise, wie Google diese Daten erhebt und verwendet, laden wir Sie ein, die Vertraulichkeitsbestimmungen von Google einzusehen: <a href=\"http:\/\/www.google.com\/policies\/privacy\/\"><strong>www.google.com\/policies\/privacy<\/strong><\/a><\/p>\n<h3>Cookies-Einstellungen verwalten<\/h3>\n<p>Sie k\u00f6nnen Ihre Cookies-Einstellungen f\u00fcr diese Website \u00e4ndern:<\/p>\n<div class=\"skp-rgpd-cookie-form\">\r\n\t<div class=\"cookie-options\">\r\n\t\t<label>\r\n\t\t\t<input name=\"skp-rgpd-cookie\" type=\"radio\" value=\"1\" checked=\"checked\" \/>\r\n\t\t\t<strong>Alle Tracking-Cookies sind aktiviert<\/strong>\r\n\t\t<\/label>\r\n\t\t<label>\r\n\t\t\t<input name=\"skp-rgpd-cookie\" type=\"radio\" value=\"2\" \/>\r\n\t\t\t<strong>Alle Tracking-Cookies sind deaktiviert<\/strong>\r\n\t\t<\/label>\r\n\t<\/div>\r\n\t<div class=\"cookie-submit\">\r\n\t\t<a href=\"#\" class=\"skp-rgpd-cookie-save\">Speichern<\/a>\r\n\t<\/div>\r\n<\/div>\r\n\n<p>F\u00fcr weitere Informationen zu Cookies und dar\u00fcber, wie man sie verwalten kann, empfehlen wir Ihnen, die von der Organisation EDAA (European Interactive Digital Advertising Alliance) entwickelte Website einzusehen <a href=\"http:\/\/www.youronlinechoices.com\/fr\/\"><strong>www.youronlinechoices.com<\/strong><\/a>.<\/p>\n<h2>Urheberrechte<\/h2>\n<p>Die Gesamtheit dieser Website unterliegt dem franz\u00f6sischen und internationalen Urheberrecht. S\u00e4mtliche Reproduktionsrechte sind vorbehalten, einschlie\u00dflich der herunterladbaren Dokumente sowie der Abbildungen und Fotografien sowie die Bildanimationen. Jede vollst\u00e4ndige oder teilweise Reproduktion oder Darstellung der Inhalte der Website www.ciel-strasbourg.org durch jedwedes Verfahren, die ohne ausdr\u00fcckliche Erlaubnis von CIEL Strasbourg erfolgt, ist unzul\u00e4ssig und stellt eine F\u00e4lschung dar. Jede Verwendung von Informationen von der Website www.ciel-Strasbourg.org muss verpflichtend die Informationsquelle nennen. Die Internetadresse der Website www.ciel-strasbourg.org muss unbedingt in der Referenz aufgef\u00fchrt werden. Die auf dieser Website genannten Marken wurden von den Eigent\u00fcmerfirmen eingetragen.<\/p>\n<h2>Haftungsausschluss<\/h2>\n<p>Der Inhalt und die Umgebung der externen Webseiten, auf die die Website www.ciel-strasbourg.org verlinken kann (insbesondere per Hyperlinks) liegen nicht im Haftungsbereich von CIEL Strasbourg. Die Einrichtung von Hyperlinks durch Dritte zu Seiten oder Dokumenten der Website www.ciel-strasbourg.org ist unter der Voraussetzung gestattet, dass die Links den Interessen von CIEL Strasbourg in keiner Weise entgegenstehen und dem Nutzer die M\u00f6glichkeit garantieren, die Herkunft und den Autor des Dokuments zu identifizieren. Die Haftung von CIEL Strasbourg kann auf keine Weise geltend gemacht werden bez\u00fcglich der auf dieser Website aufgef\u00fchrten Informationsinhalten sowie der Konsequenzen, die aus deren Nutzung oder Interpretation resultieren. Das Aufrufen der Website www.ciel-strasbourg.org setzt voraus, dass der Nutzer den oben aufgef\u00fchrten Nutzungsbedingungen zustimmt.<\/p>\n","protected":false},"excerpt":{"rendered":"<p>Zu dieser Website Sie sind derzeit mit der Website www.ciel-strasbourg.org verbunden. Die Gesamtheit der auf der Website www.ciel-strasbourg.org aufgef\u00fchrten Daten und Informationen werden der \u00d6ffentlichkeit von CIEL Strasbourg zur Verf\u00fcgung [&hellip;]<\/p>\n","protected":false},"author":7,"featured_media":0,"parent":0,"menu_order":98,"comment_status":"closed","ping_status":"closed","template":"","meta":{"_acf_changed":false,"footnotes":""},"class_list":["post-3654","page","type-page","status-publish","hentry","wp-sticky"],"acf":[],"yoast_head":"<!-- This site is optimized with the Yoast SEO plugin v27.5 - https:\/\/yoast.com\/product\/yoast-seo-wordpress\/ -->\n<title>Impressum<\/title>\n<meta name=\"robots\" content=\"index, follow, max-snippet:-1, max-image-preview:large, max-video-preview:-1\" \/>\n<link rel=\"canonical\" href=\"https:\/\/www.ciel-strasbourg.org\/de\/impressum\/\" \/>\n<meta property=\"og:locale\" content=\"de_DE\" \/>\n<meta property=\"og:type\" content=\"article\" \/>\n<meta property=\"og:title\" content=\"Impressum\" \/>\n<meta property=\"og:description\" content=\"Zu dieser Website Sie sind derzeit mit der Website www.ciel-strasbourg.org verbunden. Die Gesamtheit der auf der Website www.ciel-strasbourg.org aufgef\u00fchrten Daten und Informationen werden der \u00d6ffentlichkeit von CIEL Strasbourg zur Verf\u00fcgung [&hellip;]\" \/>\n<meta property=\"og:url\" content=\"https:\/\/www.ciel-strasbourg.org\/de\/impressum\/\" \/>\n<meta property=\"og:site_name\" content=\"CIEL\" \/>\n<meta property=\"article:modified_time\" content=\"2023-02-21T10:22:26+00:00\" \/>\n<meta property=\"og:image\" content=\"https:\/\/www.ciel-strasbourg.org\/wp-inside\/uploads\/2020\/10\/batiment_strasbourg_yvestrotzier_11.jpg\" \/>\n\t<meta property=\"og:image:width\" content=\"1772\" \/>\n\t<meta property=\"og:image:height\" content=\"1772\" \/>\n\t<meta property=\"og:image:type\" content=\"image\/jpeg\" \/>\n<meta name=\"twitter:card\" content=\"summary_large_image\" \/>\n<meta name=\"twitter:label1\" content=\"Est. reading time\" \/>\n\t<meta name=\"twitter:data1\" content=\"6 minutes\" \/>\n<script type=\"application\/ld+json\" class=\"yoast-schema-graph\">{\"@context\":\"https:\\\/\\\/schema.org\",\"@graph\":[{\"@type\":\"WebPage\",\"@id\":\"https:\\\/\\\/www.ciel-strasbourg.org\\\/de\\\/impressum\\\/\",\"url\":\"https:\\\/\\\/www.ciel-strasbourg.org\\\/de\\\/impressum\\\/\",\"name\":\"Impressum\",\"isPartOf\":{\"@id\":\"https:\\\/\\\/www.ciel-strasbourg.org\\\/de\\\/#website\"},\"datePublished\":\"2020-12-10T11:48:59+00:00\",\"dateModified\":\"2023-02-21T10:22:26+00:00\",\"breadcrumb\":{\"@id\":\"https:\\\/\\\/www.ciel-strasbourg.org\\\/de\\\/impressum\\\/#breadcrumb\"},\"inLanguage\":\"de-DE\",\"potentialAction\":[{\"@type\":\"ReadAction\",\"target\":[\"https:\\\/\\\/www.ciel-strasbourg.org\\\/de\\\/impressum\\\/\"]}]},{\"@type\":\"BreadcrumbList\",\"@id\":\"https:\\\/\\\/www.ciel-strasbourg.org\\\/de\\\/impressum\\\/#breadcrumb\",\"itemListElement\":[{\"@type\":\"ListItem\",\"position\":1,\"name\":\"Startseite\",\"item\":\"https:\\\/\\\/www.ciel-strasbourg.org\\\/de\\\/\"},{\"@type\":\"ListItem\",\"position\":2,\"name\":\"Impressum\"}]},{\"@type\":\"WebSite\",\"@id\":\"https:\\\/\\\/www.ciel-strasbourg.org\\\/de\\\/#website\",\"url\":\"https:\\\/\\\/www.ciel-strasbourg.org\\\/de\\\/\",\"name\":\"CIEL\",\"description\":\"Lernen Sie Franz\u00f6sisch beim CIEL de Strasbourg!\",\"publisher\":{\"@id\":\"https:\\\/\\\/www.ciel-strasbourg.org\\\/de\\\/#organization\"},\"potentialAction\":[{\"@type\":\"SearchAction\",\"target\":{\"@type\":\"EntryPoint\",\"urlTemplate\":\"https:\\\/\\\/www.ciel-strasbourg.org\\\/de\\\/?s={search_term_string}\"},\"query-input\":{\"@type\":\"PropertyValueSpecification\",\"valueRequired\":true,\"valueName\":\"search_term_string\"}}],\"inLanguage\":\"de-DE\"},{\"@type\":\"Organization\",\"@id\":\"https:\\\/\\\/www.ciel-strasbourg.org\\\/de\\\/#organization\",\"name\":\"CIEL Strasbourg\",\"url\":\"https:\\\/\\\/www.ciel-strasbourg.org\\\/de\\\/\",\"logo\":{\"@type\":\"ImageObject\",\"inLanguage\":\"de-DE\",\"@id\":\"https:\\\/\\\/www.ciel-strasbourg.org\\\/de\\\/#\\\/schema\\\/logo\\\/image\\\/\",\"url\":\"https:\\\/\\\/www.ciel-strasbourg.org\\\/wp-inside\\\/uploads\\\/2020\\\/12\\\/logo-ciel.png\",\"contentUrl\":\"https:\\\/\\\/www.ciel-strasbourg.org\\\/wp-inside\\\/uploads\\\/2020\\\/12\\\/logo-ciel.png\",\"width\":265,\"height\":90,\"caption\":\"CIEL Strasbourg\"},\"image\":{\"@id\":\"https:\\\/\\\/www.ciel-strasbourg.org\\\/de\\\/#\\\/schema\\\/logo\\\/image\\\/\"}}]}<\/script>\n<!-- \/ Yoast SEO plugin. -->","yoast_head_json":{"title":"Impressum","robots":{"index":"index","follow":"follow","max-snippet":"max-snippet:-1","max-image-preview":"max-image-preview:large","max-video-preview":"max-video-preview:-1"},"canonical":"https:\/\/www.ciel-strasbourg.org\/de\/impressum\/","og_locale":"de_DE","og_type":"article","og_title":"Impressum","og_description":"Zu dieser Website Sie sind derzeit mit der Website www.ciel-strasbourg.org verbunden. Die Gesamtheit der auf der Website www.ciel-strasbourg.org aufgef\u00fchrten Daten und Informationen werden der \u00d6ffentlichkeit von CIEL Strasbourg zur Verf\u00fcgung [&hellip;]","og_url":"https:\/\/www.ciel-strasbourg.org\/de\/impressum\/","og_site_name":"CIEL","article_modified_time":"2023-02-21T10:22:26+00:00","og_image":[{"width":1772,"height":1772,"url":"https:\/\/www.ciel-strasbourg.org\/wp-inside\/uploads\/2020\/10\/batiment_strasbourg_yvestrotzier_11.jpg","type":"image\/jpeg"}],"twitter_card":"summary_large_image","twitter_misc":{"Est. reading time":"6 minutes"},"schema":{"@context":"https:\/\/schema.org","@graph":[{"@type":"WebPage","@id":"https:\/\/www.ciel-strasbourg.org\/de\/impressum\/","url":"https:\/\/www.ciel-strasbourg.org\/de\/impressum\/","name":"Impressum","isPartOf":{"@id":"https:\/\/www.ciel-strasbourg.org\/de\/#website"},"datePublished":"2020-12-10T11:48:59+00:00","dateModified":"2023-02-21T10:22:26+00:00","breadcrumb":{"@id":"https:\/\/www.ciel-strasbourg.org\/de\/impressum\/#breadcrumb"},"inLanguage":"de-DE","potentialAction":[{"@type":"ReadAction","target":["https:\/\/www.ciel-strasbourg.org\/de\/impressum\/"]}]},{"@type":"BreadcrumbList","@id":"https:\/\/www.ciel-strasbourg.org\/de\/impressum\/#breadcrumb","itemListElement":[{"@type":"ListItem","position":1,"name":"Startseite","item":"https:\/\/www.ciel-strasbourg.org\/de\/"},{"@type":"ListItem","position":2,"name":"Impressum"}]},{"@type":"WebSite","@id":"https:\/\/www.ciel-strasbourg.org\/de\/#website","url":"https:\/\/www.ciel-strasbourg.org\/de\/","name":"CIEL","description":"Lernen Sie Franz\u00f6sisch beim CIEL de Strasbourg!","publisher":{"@id":"https:\/\/www.ciel-strasbourg.org\/de\/#organization"},"potentialAction":[{"@type":"SearchAction","target":{"@type":"EntryPoint","urlTemplate":"https:\/\/www.ciel-strasbourg.org\/de\/?s={search_term_string}"},"query-input":{"@type":"PropertyValueSpecification","valueRequired":true,"valueName":"search_term_string"}}],"inLanguage":"de-DE"},{"@type":"Organization","@id":"https:\/\/www.ciel-strasbourg.org\/de\/#organization","name":"CIEL Strasbourg","url":"https:\/\/www.ciel-strasbourg.org\/de\/","logo":{"@type":"ImageObject","inLanguage":"de-DE","@id":"https:\/\/www.ciel-strasbourg.org\/de\/#\/schema\/logo\/image\/","url":"https:\/\/www.ciel-strasbourg.org\/wp-inside\/uploads\/2020\/12\/logo-ciel.png","contentUrl":"https:\/\/www.ciel-strasbourg.org\/wp-inside\/uploads\/2020\/12\/logo-ciel.png","width":265,"height":90,"caption":"CIEL Strasbourg"},"image":{"@id":"https:\/\/www.ciel-strasbourg.org\/de\/#\/schema\/logo\/image\/"}}]}},"_links":{"self":[{"href":"https:\/\/www.ciel-strasbourg.org\/de\/wp-json\/wp\/v2\/pages\/3654","targetHints":{"allow":["GET"]}}],"collection":[{"href":"https:\/\/www.ciel-strasbourg.org\/de\/wp-json\/wp\/v2\/pages"}],"about":[{"href":"https:\/\/www.ciel-strasbourg.org\/de\/wp-json\/wp\/v2\/types\/page"}],"author":[{"embeddable":true,"href":"https:\/\/www.ciel-strasbourg.org\/de\/wp-json\/wp\/v2\/users\/7"}],"replies":[{"embeddable":true,"href":"https:\/\/www.ciel-strasbourg.org\/de\/wp-json\/wp\/v2\/comments?post=3654"}],"version-history":[{"count":6,"href":"https:\/\/www.ciel-strasbourg.org\/de\/wp-json\/wp\/v2\/pages\/3654\/revisions"}],"predecessor-version":[{"id":10841,"href":"https:\/\/www.ciel-strasbourg.org\/de\/wp-json\/wp\/v2\/pages\/3654\/revisions\/10841"}],"wp:attachment":[{"href":"https:\/\/www.ciel-strasbourg.org\/de\/wp-json\/wp\/v2\/media?parent=3654"}],"curies":[{"name":"wp","href":"https:\/\/api.w.org\/{rel}","templated":true}]}}