{"id":4481,"date":"2020-10-21T17:44:00","date_gmt":"2020-10-21T15:44:00","guid":{"rendered":"https:\/\/www.ciel-strasbourg.org\/demande-de-devis\/"},"modified":"2021-01-15T16:39:54","modified_gmt":"2021-01-15T15:39:54","slug":"angebot-anfordern","status":"publish","type":"page","link":"https:\/\/www.ciel-strasbourg.org\/de\/angebot-anfordern\/","title":{"rendered":"Angebot anfordern"},"content":{"rendered":"\n<div class=\"wpcf7 no-js\" id=\"wpcf7-f4711-o1\" lang=\"fr-FR\" dir=\"ltr\" data-wpcf7-id=\"4711\">\n<div class=\"screen-reader-response\"><p role=\"status\" aria-live=\"polite\" aria-atomic=\"true\"><\/p> <ul><\/ul><\/div>\n<form action=\"\/de\/wp-json\/wp\/v2\/pages\/4481#wpcf7-f4711-o1\" method=\"post\" class=\"wpcf7-form init\" aria-label=\"Contact form\" novalidate=\"novalidate\" data-status=\"init\">\n<fieldset class=\"hidden-fields-container\"><input type=\"hidden\" name=\"_wpcf7\" value=\"4711\" \/><input type=\"hidden\" name=\"_wpcf7_version\" value=\"6.1.5\" \/><input type=\"hidden\" name=\"_wpcf7_locale\" value=\"fr_FR\" \/><input type=\"hidden\" name=\"_wpcf7_unit_tag\" value=\"wpcf7-f4711-o1\" \/><input type=\"hidden\" name=\"_wpcf7_container_post\" value=\"0\" \/><input type=\"hidden\" name=\"_wpcf7_posted_data_hash\" value=\"\" \/><input type=\"hidden\" name=\"_wpcf7_recaptcha_response\" value=\"\" \/>\n<\/fieldset>\n<div class=\"formcontact formsite\">\n\n  <div class=\"row\">\n    <div class=\"medium-12 columns\">\n      <div class=\"form-field-wrap\">\n        <label><span class=\"label-txt\">Firmenname \/ Name \/ Name der Einrichtung\/Firma*<\/span><\/label>\n        <span class=\"wpcf7-form-control-wrap\" data-name=\"nom\"><input size=\"40\" maxlength=\"400\" class=\"wpcf7-form-control wpcf7-text wpcf7-validates-as-required\" aria-required=\"true\" aria-invalid=\"false\" value=\"\" type=\"text\" name=\"nom\" \/><\/span>\n      <\/div>\n    <\/div>\n  <\/div>\n\n  <div class=\"row\">\n    <div class=\"medium-6 columns\">\n     <div class=\"form-field-wrap\">\n        <label><span class=\"label-txt\">E-Mail-Adresse*<\/span><\/label>\n        <span class=\"wpcf7-form-control-wrap\" data-name=\"email\"><input size=\"40\" maxlength=\"400\" class=\"wpcf7-form-control wpcf7-email wpcf7-validates-as-required wpcf7-text wpcf7-validates-as-email\" aria-required=\"true\" aria-invalid=\"false\" value=\"\" type=\"email\" name=\"email\" \/><\/span>\n      <\/div>\n    <\/div>\n    <div class=\"medium-6 columns\">\n      <div class=\"form-field-wrap\">\n        <label><span class=\"label-txt\">Telefon*<\/span><\/label>\n        <span class=\"wpcf7-form-control-wrap\" data-name=\"telephone\"><input size=\"40\" maxlength=\"400\" class=\"wpcf7-form-control wpcf7-tel wpcf7-validates-as-required wpcf7-text wpcf7-validates-as-tel\" aria-required=\"true\" aria-invalid=\"false\" value=\"\" type=\"tel\" name=\"telephone\" \/><\/span>\n      <\/div>\n    <\/div>\n  <\/div>\n<span id=\"wpcf7-69f287feaa3e1-wrapper\" class=\"wpcf7-form-control-wrap website-wrap\" ><input type=\"hidden\" name=\"website-time-start\" value=\"1777502206\"><input type=\"hidden\" name=\"website-time-check\" value=\"10\"><label for=\"wpcf7-69f287feaa3e1-field\" class=\"hp-message\">Please leave this field empty.<\/label><input id=\"wpcf7-69f287feaa3e1-field\"  class=\"wpcf7-form-control wpcf7-text\" type=\"text\" name=\"website\" value=\"\" size=\"40\" tabindex=\"-1\" autocomplete=\"new-password\" \/><\/span>\n  <div class=\"row\">\n    <div class=\"medium-12 columns\">\n      <div class=\"form-field-wrap\">\n        <label><span class=\"label-txt\">Daten des gew\u00fcnschten Aufenthalt\/Schulung*<\/span><\/label>\n        <span class=\"wpcf7-form-control-wrap\" data-name=\"dates\"><input size=\"40\" maxlength=\"400\" class=\"wpcf7-form-control wpcf7-text wpcf7-validates-as-required\" aria-required=\"true\" aria-invalid=\"false\" value=\"\" type=\"text\" name=\"dates\" \/><\/span>\n      <\/div>\n    <\/div>\n  <\/div>\n\n  <div class=\"row\">\n    <div class=\"medium-12 columns\">\n      <div class=\"form-field-wrap form-field-select\">\n        <label><span class=\"label-txt\">Typ des Kurses*<\/span><\/label>\n        <span class=\"wpcf7-form-control-wrap\" data-name=\"type-de-cours\"><select class=\"wpcf7-form-control wpcf7-select wpcf7-validates-as-required\" aria-required=\"true\" aria-invalid=\"false\" name=\"type-de-cours\"><option value=\"\">&#8212;Please choose an option&#8212;<\/option><option value=\"Franz\u00f6sisch allgemein \u2013 Tageskurs\">Franz\u00f6sisch allgemein \u2013 Tageskurs<\/option><option value=\"Franz\u00f6sisch allgemein \u2013 Sommerkurs\">Franz\u00f6sisch allgemein \u2013 Sommerkurs<\/option><option value=\"Franz\u00f6sisch allgemein \u2013 Abendkurs\">Franz\u00f6sisch allgemein \u2013 Abendkurs<\/option><option value=\"Franz\u00f6sisch allgemein \u2013 Einzelunterricht\">Franz\u00f6sisch allgemein \u2013 Einzelunterricht<\/option><option value=\"Franz\u00f6sisch Allgemein \u2013 Intensiv-Gruppenunterricht \u2013 Fernkurs\">Franz\u00f6sisch Allgemein \u2013 Intensiv-Gruppenunterricht \u2013 Fernkurs<\/option><option value=\"Franz\u00f6sisch Allgemein \u2013 Extensive Gruppenfernkurse \u2013 Fernkurs\">Franz\u00f6sisch Allgemein \u2013 Extensive Gruppenfernkurse \u2013 Fernkurs<\/option><option value=\"Franz\u00f6sisch Allgemein \u2013 Einzelkurse \u2013 Fernkurs\">Franz\u00f6sisch Allgemein \u2013 Einzelkurse \u2013 Fernkurs<\/option><option value=\"Franz\u00f6sisch Allgemein \u2013 Konversations-Workshops \u2013 Fernkurs\">Franz\u00f6sisch Allgemein \u2013 Konversations-Workshops \u2013 Fernkurs<\/option><option value=\"Franz\u00f6sische Schriftsprache \u2013 Pflege Der Rechtschreibung\">Franz\u00f6sische Schriftsprache \u2013 Pflege Der Rechtschreibung<\/option><option value=\"Franz\u00f6sische Schriftsprache \u2013 Verbesserung Redaktioneller F\u00e4higkeiten\">Franz\u00f6sische Schriftsprache \u2013 Verbesserung Redaktioneller F\u00e4higkeiten<\/option><option value=\"Online-Programm Zur Auffrischung Von Rechtschreibkenntnissen\">Online-Programm Zur Auffrischung Von Rechtschreibkenntnissen<\/option><option value=\"Methodik-Lehrgang F\u00fcr Lehrer Des Franz\u00f6sischen Als Fremdsprache\">Methodik-Lehrgang F\u00fcr Lehrer Des Franz\u00f6sischen Als Fremdsprache<\/option><option value=\"Zur Vorbereitung F\u00fcr Ein Hochschulstudium In Frankreich\">Zur Vorbereitung F\u00fcr Ein Hochschulstudium In Frankreich<\/option><option value=\"Sprachaufenthalt franz\u00f6sisch als fremdsprache \u201eunternehmen in frankreich\u201c\">Sprachaufenthalt franz\u00f6sisch als fremdsprache \u201eunternehmen in frankreich\u201c<\/option><option value=\"Vorbereitung zu den pr\u00fcfungen tcf, bright, dalf und delf (franz\u00f6sisch als fremdsprache) \u2013 E-learning\">Vorbereitung zu den pr\u00fcfungen tcf, bright, dalf und delf (franz\u00f6sisch als fremdsprache) \u2013 E-learning<\/option><option value=\"Nach Kundenbedarf Organisierte Kurse\">Nach Kundenbedarf Organisierte Kurse<\/option><\/select><\/span>\n      <\/div>\n    <\/div>\n  <\/div>\n\n  <div class=\"row\">\n    <div class=\"medium-12 columns\">\n      <div class=\"form-field-wrap\">\n        <label><span class=\"label-txt\">Anzahl der Kursstunden*<\/span><\/label>\n        <span class=\"wpcf7-form-control-wrap\" data-name=\"nb-heures\"><input size=\"40\" maxlength=\"400\" class=\"wpcf7-form-control wpcf7-text wpcf7-validates-as-required\" aria-required=\"true\" aria-invalid=\"false\" value=\"\" type=\"text\" name=\"nb-heures\" \/><\/span>\n      <\/div>\n    <\/div>\n  <\/div>\n\n  <div class=\"row\">\n    <div class=\"medium-6 columns\">\n      <div class=\"form-field-wrap form-field-select\">\n        <label><span class=\"label-txt\">Unterkunft*<\/span><\/label>\n        <span class=\"wpcf7-form-control-wrap\" data-name=\"hebergement\"><select class=\"wpcf7-form-control wpcf7-select wpcf7-validates-as-required\" aria-required=\"true\" aria-invalid=\"false\" name=\"hebergement\"><option value=\"\">&#8212;Please choose an option&#8212;<\/option><option value=\"Gastfamilie\">Gastfamilie<\/option><option value=\"Hotel Residenz\">Hotel Residenz<\/option><option value=\"Wohnheim der Universit\u00e4t\">Wohnheim der Universit\u00e4t<\/option><option value=\"M\u00f6bliertes Studio\">M\u00f6bliertes Studio<\/option><option value=\"Keine Unterkunft gew\u00fcnscht\">Keine Unterkunft gew\u00fcnscht<\/option><\/select><\/span>\n      <\/div>\n    <\/div>\n    <div class=\"medium-6 columns\">\n      <div class=\"form-field-wrap form-field-select\">\n        <label><span class=\"label-txt\">Mahlzeiten*<\/span><\/label>\n        <span class=\"wpcf7-form-control-wrap\" data-name=\"repas\"><select class=\"wpcf7-form-control wpcf7-select wpcf7-validates-as-required\" aria-required=\"true\" aria-invalid=\"false\" name=\"repas\"><option value=\"\">&#8212;Please choose an option&#8212;<\/option><option value=\"Keine\">Keine<\/option><option value=\"Fr\u00fchst\u00fcck\">Fr\u00fchst\u00fcck<\/option><option value=\"Halbe Rente\">Halbe Rente<\/option><option value=\"Vollpension\">Vollpension<\/option><option value=\"Andere\">Andere<\/option><\/select><\/span>\n      <\/div>\n    <\/div>\n  <\/div>\n\n  <label>Kulturelle Aktivit\u00e4ten und Ausfl\u00fcge (nur f\u00fcr Gruppen - andere als die im Kulturpaket der Tageskurse und Sommerkurse vorgeschlagenen)<\/label>\n\n  <div class=\"row\">\n    <div class=\"medium-6 columns\">\n      <div class=\"form-field-checkbox\">\n        <span class=\"wpcf7-form-control-wrap\" data-name=\"activites-choice\"><span class=\"wpcf7-form-control wpcf7-checkbox wpcf7-exclusive-checkbox\"><span class=\"wpcf7-list-item first\"><label><input type=\"checkbox\" name=\"activites-choice\" value=\"Ja\" \/><span class=\"wpcf7-list-item-label\">Ja<\/span><\/label><\/span><span class=\"wpcf7-list-item last\"><label><input type=\"checkbox\" name=\"activites-choice\" value=\"Nein\" \/><span class=\"wpcf7-list-item-label\">Nein<\/span><\/label><\/span><\/span><\/span>\n      <\/div>\n    <\/div>\n    <div class=\"medium-6 columns\">\n      <div class=\"form-field-wrap\">\n        <label><span class=\"label-txt\">Wenn ja, welche?<\/span><\/label>\n        <span class=\"wpcf7-form-control-wrap\" data-name=\"activites-txt\"><input size=\"40\" maxlength=\"400\" class=\"wpcf7-form-control wpcf7-text\" aria-invalid=\"false\" value=\"\" type=\"text\" name=\"activites-txt\" \/><\/span>\n      <\/div>\n    <\/div>\n  <\/div>\n\n  <label>Sonstige Dienstleistungen (nur f\u00fcr Gruppen)<\/label>\n\n  <div class=\"row\">\n    <div class=\"medium-6 columns\">\n      <label><span class=\"label-txt\">Flughafen-Transfer<\/span><\/label>\n      <div class=\"form-field-checkbox\">\n        <span class=\"wpcf7-form-control-wrap\" data-name=\"transfert-choice\"><span class=\"wpcf7-form-control wpcf7-checkbox wpcf7-exclusive-checkbox\"><span class=\"wpcf7-list-item first\"><label><input type=\"checkbox\" name=\"transfert-choice\" value=\"Ja\" \/><span class=\"wpcf7-list-item-label\">Ja<\/span><\/label><\/span><span class=\"wpcf7-list-item last\"><label><input type=\"checkbox\" name=\"transfert-choice\" value=\"Nein\" \/><span class=\"wpcf7-list-item-label\">Nein<\/span><\/label><\/span><\/span><\/span>\n      <\/div>\n    <\/div>\n    <div class=\"medium-6 columns\">\n      <div class=\"form-field-wrap\">\n        <label><span class=\"label-txt\">Wenn ja, wo?<\/span><\/label>\n        <span class=\"wpcf7-form-control-wrap\" data-name=\"transfert-txt\"><input size=\"40\" maxlength=\"400\" class=\"wpcf7-form-control wpcf7-text\" aria-invalid=\"false\" value=\"\" type=\"text\" name=\"transfert-txt\" \/><\/span>\n      <\/div>\n    <\/div>\n  <\/div>\n\n  <div class=\"row\">\n    <div class=\"medium-6 columns\">\n      <label><span class=\"label-txt\">Stra\u00dfenbahn-Fahrkarten<\/span><\/label>\n      <div class=\"form-field-checkbox\">\n        <span class=\"wpcf7-form-control-wrap\" data-name=\"tram-choice\"><span class=\"wpcf7-form-control wpcf7-checkbox wpcf7-exclusive-checkbox\"><span class=\"wpcf7-list-item first\"><label><input type=\"checkbox\" name=\"tram-choice\" value=\"Ja\" \/><span class=\"wpcf7-list-item-label\">Ja<\/span><\/label><\/span><span class=\"wpcf7-list-item last\"><label><input type=\"checkbox\" name=\"tram-choice\" value=\"Nein\" \/><span class=\"wpcf7-list-item-label\">Nein<\/span><\/label><\/span><\/span><\/span>\n      <\/div>\n    <\/div>\n    <div class=\"medium-6 columns\">\n      <div class=\"form-field-wrap\">\n        <label><span class=\"label-txt\">Wenn ja, wie viel?<\/span><\/label>\n        <span class=\"wpcf7-form-control-wrap\" data-name=\"tram-txt\"><input size=\"40\" maxlength=\"400\" class=\"wpcf7-form-control wpcf7-text\" aria-invalid=\"false\" value=\"\" type=\"text\" name=\"tram-txt\" \/><\/span>\n      <\/div>\n    <\/div>\n  <\/div>\n\n  <div class=\"row\">\n    <div class=\"large-12 columns\">\n      <div class=\"form-field-wrap\">\n        <label><span class=\"label-txt\">Andere erforderliche Dienste<\/span><\/label>\n        <span class=\"wpcf7-form-control-wrap\" data-name=\"autres-prestations\"><textarea cols=\"40\" rows=\"10\" maxlength=\"2000\" class=\"wpcf7-form-control wpcf7-textarea\" aria-invalid=\"false\" name=\"autres-prestations\"><\/textarea><\/span>\n      <\/div>\n    <\/div>\n  <\/div>\n\n  <div class=\"row\">\n    <div class=\"large-12 columns\">\n      <div class=\"form-field-checkbox\">\n        <label><span class=\"wpcf7-form-control-wrap\" data-name=\"rgpd\"><span class=\"wpcf7-form-control wpcf7-checkbox wpcf7-validates-as-required\"><span class=\"wpcf7-list-item first last\"><label><input type=\"checkbox\" name=\"rgpd[]\" value=\"Durch das Absenden dieses Formulars akzeptiere ich, dass die gemachten Angaben f\u00fcr die Zwecke meiner Anfrage f\u00fcr Kostenvoranschlag und der sich daraus ergebenden Vertragsbeziehung verwendet werden.*\" \/><span class=\"wpcf7-list-item-label\">Durch das Absenden dieses Formulars akzeptiere ich, dass die gemachten Angaben f\u00fcr die Zwecke meiner Anfrage f\u00fcr Kostenvoranschlag und der sich daraus ergebenden Vertragsbeziehung verwendet werden.*<\/span><\/label><\/span><\/span><\/span><\/label>\n      <\/div>\n    <\/div>\n  <\/div>\n\n  <div class=\"row\">\n    <div class=\"medium-5 columns\">\n      <span class=\"wpcf7-form-control-wrap recaptcha\" data-name=\"recaptcha\"><span data-sitekey=\"6Le-OAkaAAAAAAa_kQLCA099DpILODClUsCL6RlB\" class=\"wpcf7-form-control wpcf7-recaptcha g-recaptcha\"><\/span>\r\n<noscript>\r\n\t<div class=\"grecaptcha-noscript\">\r\n\t\t<iframe loading=\"lazy\" src=\"https:\/\/www.google.com\/recaptcha\/api\/fallback?k=6Le-OAkaAAAAAAa_kQLCA099DpILODClUsCL6RlB\" frameborder=\"0\" scrolling=\"no\" width=\"310\" height=\"430\">\r\n\t\t<\/iframe>\r\n\t\t<textarea name=\"g-recaptcha-response\" rows=\"3\" cols=\"40\" placeholder=\"reCaptcha Response Here\">\r\n\t\t<\/textarea>\r\n\t<\/div>\r\n<\/noscript>\r\n<\/span>\n    <\/div>\n    <div class=\"medium-7 columns formsite-submit-col\">\n      <span class=\"formsite-txt-info\">*Pflichtfelder<\/span>\n      <span class=\"formsite-submit-box\">\n        <input class=\"wpcf7-form-control wpcf7-submit has-spinner button-box\" type=\"submit\" value=\"Senden\" \/>\n      <\/span>\n    <\/div>\n  <\/div>\n\n  <div class=\"row\">\n    <div class=\"large-12 columns\">\n      <div class=\"formsite-legaltxt\">\n        <p>Die auf diesem Formular gesammelten Angaben werden von CIEL Strasbourg zur Bearbeitung der Anfragen f\u00fcr Kostenvoranschl\u00e4ge in einer elektronischen Datei gespeichert. Sie dienen ausschlie\u00dflich CIEL Strasbourg zur Nutzung und werden f\u00fcr die Dauer des Kontakts vor Abschluss des Vertrags und der eventuell daraus resultierenden Vertragsbeziehung verwendet und anschlie\u00dfend f\u00fcr die gesetzlich zul\u00e4ssige Dauer archiviert. Gem\u00e4\u00df des Datenschutzgesetzes \u201eLoi Informatique et Libert\u00e9s\u201c k\u00f6nnen Sie von Ihrem Recht auf Zugang zu den Sie betreffenden Daten Gebrauch machen und sie korrigieren, indem Sie CIEL Strasbourg \u00fcber das <a href=\"https:\/\/www.ciel-strasbourg.org\/de\/kontakt\/\" target=\"_blank\">Kontaktformular<\/a> oder postalisch an folgende Adresse kontaktieren: CCI Campus, 234, Avenue de Colmar, F-67100 Strasbourg - France.<\/p>\n        <p><a target=\"_blank\" href=\"https:\/\/www.ciel-strasbourg.org\/de\/impressum\/\">Mehr erfahren \u00fcber unsere Datenschutzpolitik<\/a><\/p>\n      <\/div>\n    <\/div>\n  <\/div>\n\n<\/div><p style=\"display: none !important;\" class=\"akismet-fields-container\" data-prefix=\"_wpcf7_ak_\"><label>&#916;<textarea name=\"_wpcf7_ak_hp_textarea\" cols=\"45\" rows=\"8\" maxlength=\"100\"><\/textarea><\/label><input type=\"hidden\" id=\"ak_js_1\" name=\"_wpcf7_ak_js\" value=\"99\"\/><script type=\"text\/javascript\">\n\/* <![CDATA[ *\/\ndocument.getElementById( \"ak_js_1\" ).setAttribute( \"value\", ( new Date() ).getTime() );\n\/* ]]> *\/\n<\/script>\n<\/p><div class=\"wpcf7-response-output\" aria-hidden=\"true\"><\/div>\n<\/form>\n<\/div>\n\n","protected":false},"excerpt":{"rendered":"","protected":false},"author":7,"featured_media":0,"parent":0,"menu_order":64,"comment_status":"closed","ping_status":"closed","template":"","meta":{"_acf_changed":false,"footnotes":""},"class_list":["post-4481","page","type-page","status-publish","hentry","wp-sticky"],"acf":[],"yoast_head":"<!-- This site is optimized with the Yoast SEO plugin v27.5 - https:\/\/yoast.com\/product\/yoast-seo-wordpress\/ -->\n<title>Angebot anfordern<\/title>\n<meta name=\"robots\" content=\"index, follow, max-snippet:-1, max-image-preview:large, max-video-preview:-1\" \/>\n<link rel=\"canonical\" href=\"https:\/\/www.ciel-strasbourg.org\/de\/angebot-anfordern\/\" \/>\n<meta property=\"og:locale\" content=\"de_DE\" \/>\n<meta property=\"og:type\" content=\"article\" \/>\n<meta property=\"og:title\" content=\"Angebot anfordern\" \/>\n<meta property=\"og:url\" content=\"https:\/\/www.ciel-strasbourg.org\/de\/angebot-anfordern\/\" \/>\n<meta property=\"og:site_name\" content=\"CIEL\" \/>\n<meta property=\"article:modified_time\" content=\"2021-01-15T15:39:54+00:00\" \/>\n<meta property=\"og:image\" content=\"https:\/\/www.ciel-strasbourg.org\/wp-inside\/uploads\/2020\/10\/batiment_strasbourg_yvestrotzier_11.jpg\" \/>\n\t<meta property=\"og:image:width\" content=\"1772\" \/>\n\t<meta property=\"og:image:height\" content=\"1772\" \/>\n\t<meta property=\"og:image:type\" content=\"image\/jpeg\" \/>\n<meta name=\"twitter:card\" content=\"summary_large_image\" \/>\n<script type=\"application\/ld+json\" class=\"yoast-schema-graph\">{\"@context\":\"https:\\\/\\\/schema.org\",\"@graph\":[{\"@type\":\"WebPage\",\"@id\":\"https:\\\/\\\/www.ciel-strasbourg.org\\\/de\\\/angebot-anfordern\\\/\",\"url\":\"https:\\\/\\\/www.ciel-strasbourg.org\\\/de\\\/angebot-anfordern\\\/\",\"name\":\"Angebot anfordern\",\"isPartOf\":{\"@id\":\"https:\\\/\\\/www.ciel-strasbourg.org\\\/de\\\/#website\"},\"datePublished\":\"2020-10-21T15:44:00+00:00\",\"dateModified\":\"2021-01-15T15:39:54+00:00\",\"breadcrumb\":{\"@id\":\"https:\\\/\\\/www.ciel-strasbourg.org\\\/de\\\/angebot-anfordern\\\/#breadcrumb\"},\"inLanguage\":\"de-DE\",\"potentialAction\":[{\"@type\":\"ReadAction\",\"target\":[\"https:\\\/\\\/www.ciel-strasbourg.org\\\/de\\\/angebot-anfordern\\\/\"]}]},{\"@type\":\"BreadcrumbList\",\"@id\":\"https:\\\/\\\/www.ciel-strasbourg.org\\\/de\\\/angebot-anfordern\\\/#breadcrumb\",\"itemListElement\":[{\"@type\":\"ListItem\",\"position\":1,\"name\":\"Startseite\",\"item\":\"https:\\\/\\\/www.ciel-strasbourg.org\\\/de\\\/\"},{\"@type\":\"ListItem\",\"position\":2,\"name\":\"Angebot anfordern\"}]},{\"@type\":\"WebSite\",\"@id\":\"https:\\\/\\\/www.ciel-strasbourg.org\\\/de\\\/#website\",\"url\":\"https:\\\/\\\/www.ciel-strasbourg.org\\\/de\\\/\",\"name\":\"CIEL\",\"description\":\"Lernen Sie Franz\u00f6sisch beim CIEL de Strasbourg!\",\"publisher\":{\"@id\":\"https:\\\/\\\/www.ciel-strasbourg.org\\\/de\\\/#organization\"},\"potentialAction\":[{\"@type\":\"SearchAction\",\"target\":{\"@type\":\"EntryPoint\",\"urlTemplate\":\"https:\\\/\\\/www.ciel-strasbourg.org\\\/de\\\/?s={search_term_string}\"},\"query-input\":{\"@type\":\"PropertyValueSpecification\",\"valueRequired\":true,\"valueName\":\"search_term_string\"}}],\"inLanguage\":\"de-DE\"},{\"@type\":\"Organization\",\"@id\":\"https:\\\/\\\/www.ciel-strasbourg.org\\\/de\\\/#organization\",\"name\":\"CIEL Strasbourg\",\"url\":\"https:\\\/\\\/www.ciel-strasbourg.org\\\/de\\\/\",\"logo\":{\"@type\":\"ImageObject\",\"inLanguage\":\"de-DE\",\"@id\":\"https:\\\/\\\/www.ciel-strasbourg.org\\\/de\\\/#\\\/schema\\\/logo\\\/image\\\/\",\"url\":\"https:\\\/\\\/www.ciel-strasbourg.org\\\/wp-inside\\\/uploads\\\/2020\\\/12\\\/logo-ciel.png\",\"contentUrl\":\"https:\\\/\\\/www.ciel-strasbourg.org\\\/wp-inside\\\/uploads\\\/2020\\\/12\\\/logo-ciel.png\",\"width\":265,\"height\":90,\"caption\":\"CIEL Strasbourg\"},\"image\":{\"@id\":\"https:\\\/\\\/www.ciel-strasbourg.org\\\/de\\\/#\\\/schema\\\/logo\\\/image\\\/\"}}]}<\/script>\n<!-- \/ Yoast SEO plugin. -->","yoast_head_json":{"title":"Angebot anfordern","robots":{"index":"index","follow":"follow","max-snippet":"max-snippet:-1","max-image-preview":"max-image-preview:large","max-video-preview":"max-video-preview:-1"},"canonical":"https:\/\/www.ciel-strasbourg.org\/de\/angebot-anfordern\/","og_locale":"de_DE","og_type":"article","og_title":"Angebot anfordern","og_url":"https:\/\/www.ciel-strasbourg.org\/de\/angebot-anfordern\/","og_site_name":"CIEL","article_modified_time":"2021-01-15T15:39:54+00:00","og_image":[{"width":1772,"height":1772,"url":"https:\/\/www.ciel-strasbourg.org\/wp-inside\/uploads\/2020\/10\/batiment_strasbourg_yvestrotzier_11.jpg","type":"image\/jpeg"}],"twitter_card":"summary_large_image","schema":{"@context":"https:\/\/schema.org","@graph":[{"@type":"WebPage","@id":"https:\/\/www.ciel-strasbourg.org\/de\/angebot-anfordern\/","url":"https:\/\/www.ciel-strasbourg.org\/de\/angebot-anfordern\/","name":"Angebot anfordern","isPartOf":{"@id":"https:\/\/www.ciel-strasbourg.org\/de\/#website"},"datePublished":"2020-10-21T15:44:00+00:00","dateModified":"2021-01-15T15:39:54+00:00","breadcrumb":{"@id":"https:\/\/www.ciel-strasbourg.org\/de\/angebot-anfordern\/#breadcrumb"},"inLanguage":"de-DE","potentialAction":[{"@type":"ReadAction","target":["https:\/\/www.ciel-strasbourg.org\/de\/angebot-anfordern\/"]}]},{"@type":"BreadcrumbList","@id":"https:\/\/www.ciel-strasbourg.org\/de\/angebot-anfordern\/#breadcrumb","itemListElement":[{"@type":"ListItem","position":1,"name":"Startseite","item":"https:\/\/www.ciel-strasbourg.org\/de\/"},{"@type":"ListItem","position":2,"name":"Angebot anfordern"}]},{"@type":"WebSite","@id":"https:\/\/www.ciel-strasbourg.org\/de\/#website","url":"https:\/\/www.ciel-strasbourg.org\/de\/","name":"CIEL","description":"Lernen Sie Franz\u00f6sisch beim CIEL de Strasbourg!","publisher":{"@id":"https:\/\/www.ciel-strasbourg.org\/de\/#organization"},"potentialAction":[{"@type":"SearchAction","target":{"@type":"EntryPoint","urlTemplate":"https:\/\/www.ciel-strasbourg.org\/de\/?s={search_term_string}"},"query-input":{"@type":"PropertyValueSpecification","valueRequired":true,"valueName":"search_term_string"}}],"inLanguage":"de-DE"},{"@type":"Organization","@id":"https:\/\/www.ciel-strasbourg.org\/de\/#organization","name":"CIEL Strasbourg","url":"https:\/\/www.ciel-strasbourg.org\/de\/","logo":{"@type":"ImageObject","inLanguage":"de-DE","@id":"https:\/\/www.ciel-strasbourg.org\/de\/#\/schema\/logo\/image\/","url":"https:\/\/www.ciel-strasbourg.org\/wp-inside\/uploads\/2020\/12\/logo-ciel.png","contentUrl":"https:\/\/www.ciel-strasbourg.org\/wp-inside\/uploads\/2020\/12\/logo-ciel.png","width":265,"height":90,"caption":"CIEL Strasbourg"},"image":{"@id":"https:\/\/www.ciel-strasbourg.org\/de\/#\/schema\/logo\/image\/"}}]}},"_links":{"self":[{"href":"https:\/\/www.ciel-strasbourg.org\/de\/wp-json\/wp\/v2\/pages\/4481","targetHints":{"allow":["GET"]}}],"collection":[{"href":"https:\/\/www.ciel-strasbourg.org\/de\/wp-json\/wp\/v2\/pages"}],"about":[{"href":"https:\/\/www.ciel-strasbourg.org\/de\/wp-json\/wp\/v2\/types\/page"}],"author":[{"embeddable":true,"href":"https:\/\/www.ciel-strasbourg.org\/de\/wp-json\/wp\/v2\/users\/7"}],"replies":[{"embeddable":true,"href":"https:\/\/www.ciel-strasbourg.org\/de\/wp-json\/wp\/v2\/comments?post=4481"}],"version-history":[{"count":3,"href":"https:\/\/www.ciel-strasbourg.org\/de\/wp-json\/wp\/v2\/pages\/4481\/revisions"}],"predecessor-version":[{"id":4734,"href":"https:\/\/www.ciel-strasbourg.org\/de\/wp-json\/wp\/v2\/pages\/4481\/revisions\/4734"}],"wp:attachment":[{"href":"https:\/\/www.ciel-strasbourg.org\/de\/wp-json\/wp\/v2\/media?parent=4481"}],"curies":[{"name":"wp","href":"https:\/\/api.w.org\/{rel}","templated":true}]}}